{"id":1184,"date":"2024-06-24T02:32:06","date_gmt":"2024-06-24T00:32:06","guid":{"rendered":"https:\/\/wordpress.feuerwehr-waldstetten.de\/wordpress\/?page_id=1184"},"modified":"2025-05-05T20:39:47","modified_gmt":"2025-05-05T18:39:47","slug":"fest-agb","status":"publish","type":"page","link":"https:\/\/wordpress.feuerwehr-waldstetten.de\/wordpress\/fest-agb\/","title":{"rendered":"Fest-AGB"},"content":{"rendered":"\t\t<div data-elementor-type=\"wp-page\" data-elementor-id=\"1184\" class=\"elementor elementor-1184\" data-elementor-post-type=\"page\">\n\t\t\t\t\t\t<section class=\"elementor-section elementor-top-section elementor-element elementor-element-8511419 elementor-section-boxed elementor-section-height-default elementor-section-height-default\" data-id=\"8511419\" data-element_type=\"section\" data-e-type=\"section\">\n\t\t\t\t\t\t<div class=\"elementor-container elementor-column-gap-default\">\n\t\t\t\t\t<div class=\"elementor-column elementor-col-100 elementor-top-column elementor-element elementor-element-6bb8934\" data-id=\"6bb8934\" data-element_type=\"column\" data-e-type=\"column\">\n\t\t\t<div class=\"elementor-widget-wrap elementor-element-populated\">\n\t\t\t\t\t\t<div class=\"elementor-element elementor-element-8d7fbec elementor-widget elementor-widget-spacer\" data-id=\"8d7fbec\" data-element_type=\"widget\" data-e-type=\"widget\" data-widget_type=\"spacer.default\">\n\t\t\t\t<div class=\"elementor-widget-container\">\n\t\t\t\t\t\t\t<div class=\"elementor-spacer\">\n\t\t\t<div class=\"elementor-spacer-inner\"><\/div>\n\t\t<\/div>\n\t\t\t\t\t\t<\/div>\n\t\t\t\t<\/div>\n\t\t\t\t\t<\/div>\n\t\t<\/div>\n\t\t\t\t\t<\/div>\n\t\t<\/section>\n\t\t\t\t<section class=\"elementor-section elementor-top-section elementor-element elementor-element-794b596 elementor-section-boxed elementor-section-height-default elementor-section-height-default\" data-id=\"794b596\" data-element_type=\"section\" data-e-type=\"section\">\n\t\t\t\t\t\t<div class=\"elementor-container elementor-column-gap-default\">\n\t\t\t\t\t<div class=\"elementor-column elementor-col-100 elementor-top-column elementor-element elementor-element-366fb3a\" data-id=\"366fb3a\" data-element_type=\"column\" data-e-type=\"column\">\n\t\t\t<div class=\"elementor-widget-wrap elementor-element-populated\">\n\t\t\t\t\t\t<div class=\"elementor-element elementor-element-00193e9 elementor-widget elementor-widget-heading\" data-id=\"00193e9\" data-element_type=\"widget\" data-e-type=\"widget\" data-widget_type=\"heading.default\">\n\t\t\t\t<div class=\"elementor-widget-container\">\n\t\t\t\t\t<h2 class=\"elementor-heading-title elementor-size-default\">Allgemeinen Gesch\u00e4ftsbedingungen<\/h2>\t\t\t\t<\/div>\n\t\t\t\t<\/div>\n\t\t\t\t<div class=\"elementor-element elementor-element-a883393 elementor-widget elementor-widget-spacer\" data-id=\"a883393\" data-element_type=\"widget\" data-e-type=\"widget\" data-widget_type=\"spacer.default\">\n\t\t\t\t<div class=\"elementor-widget-container\">\n\t\t\t\t\t\t\t<div class=\"elementor-spacer\">\n\t\t\t<div class=\"elementor-spacer-inner\"><\/div>\n\t\t<\/div>\n\t\t\t\t\t\t<\/div>\n\t\t\t\t<\/div>\n\t\t\t\t\t<\/div>\n\t\t<\/div>\n\t\t\t\t\t<\/div>\n\t\t<\/section>\n\t\t\t\t<section class=\"elementor-section elementor-top-section elementor-element elementor-element-ff00173 elementor-section-boxed elementor-section-height-default elementor-section-height-default\" data-id=\"ff00173\" data-element_type=\"section\" data-e-type=\"section\">\n\t\t\t\t\t\t<div class=\"elementor-container elementor-column-gap-default\">\n\t\t\t\t\t<div class=\"elementor-column elementor-col-100 elementor-top-column elementor-element elementor-element-e27edba\" data-id=\"e27edba\" data-element_type=\"column\" data-e-type=\"column\">\n\t\t\t<div class=\"elementor-widget-wrap elementor-element-populated\">\n\t\t\t\t\t\t<div class=\"elementor-element elementor-element-30f0ec2 elementor-widget elementor-widget-text-editor\" data-id=\"30f0ec2\" data-element_type=\"widget\" data-e-type=\"widget\" data-widget_type=\"text-editor.default\">\n\t\t\t\t<div class=\"elementor-widget-container\">\n\t\t\t\t\t\t\t\t\t<p>Allgemeine Gesch\u00e4ftsbedingungen f\u00fcr die Veranstaltung Kreisfeuerwehrtag vom 11.07.2025 \u2013 13.07.2025 der Feuerwehr Waldstetten<\/p><ol><li>Geltungsbereich<\/li><\/ol><p>1.1. Diese Allgemeinen Gesch\u00e4ftsbedingungen (nachfolgend: AGB) gelten f\u00fcr das Festwochenende vom 11.07.2025 bis 13.07.2025, bei welcher die Feuerwehr Waldstetten Veranstalter ist. Sie regeln die Beziehungen zwischen der Feuerwehr Waldstetten (nachfolgend: Veranstalter) und den Kartenk\u00e4ufern\/Veranstaltungsbesuchern (nachfolgend: Kunde). Die AGB sind Bestandteil des Vertrages \u00fcber den Erwerb von Eintrittskarten. Anderslautende AGB, insbesondere die des Kunden, werden nicht Vertragsbestandteil, auch wenn die Feuerwehr Waldstetten ihnen nicht ausdr\u00fccklich widerspricht.<\/p><p>\u00a01.2. Der Kunde best\u00e4tigt mit dem Erwerb einer Eintrittskarte, dass er diese AGB zur Kenntnis genommen hat und sie bindend akzeptiert.<\/p><p>1.3. F\u00fcr den Kauf von Veranstaltungskarten in Form von Online-Tickets \u00fcber die Web-Site www.eventim.de gelten die dort abrufbaren AGB.<\/p><ol start=\"2\"><li>Kartenerwerb \/ Kein Widerrufsrecht<\/li><\/ol><p>2.1. Eintrittskarten k\u00f6nnen \u00fcber das Internet unter www.eventim.de, in den Vorverkaufsstellen oder bei Angeh\u00f6rigen der Feuerwehr Waldstetten gekauft werden.<\/p><p>2.2. Beim Kauf von Eintrittskarten kommt stets nur zwischen dem Kunden und dem Veranstalter ein Vertrag \u00fcber den Besuch der Veranstaltung zustande.\u00a0<\/p><p>2.3. Die Eintrittskarten verbleiben bis zur vollst\u00e4ndigen Zahlung im alleinigen Eigentum des Veranstalters.\u00a0 Der Ticketpreis setzt sich zusammen aus \u00a0Ticketgrundpreis, Vorverkaufsgeb\u00fchr, Systemgeb\u00fchr und sonstigen Geb\u00fchren jeweils inkl. gesetzlicher USt.<\/p><p>2.4. Gem\u00e4\u00df \u00a7 312g Abs. 2 Satz 1 Nr. 9 BGB steht dem Kunden kein Widerrufsrecht zu.<\/p><p>2.5 Karten sind nur in der Kategorie Stehplatz erh\u00e4ltlich. Ein Anspruch auf einen Sitzplatz besteht nicht.<\/p><ol start=\"3\"><li>Nutzung und Weiterver\u00e4u\u00dferung der Eintrittskarten<\/li><\/ol><p>3.1. Jegliches gewerbsm\u00e4\u00dfige oder kommerzielle Weiterhandeln der Eintrittskarten ohne vorherige Zustimmung des Veranstalters ist verboten. Dazu z\u00e4hlen insbesondere der Verkauf von Eintrittskarten zu \u00fcberh\u00f6hten Preisen an Dritte oder eine Versteigerung der Karten \u00fcber ein Internetauktionshaus in Gewinnerzielungsabsicht.\u00a0\u00a0<\/p><p>3.2. Ein Verkauf von Eintrittskarten vor dem Veranstaltungsort ist ausnahmslos untersagt.<\/p><ol start=\"4\"><li>Folgen des missbr\u00e4uchlichen Kartenerwerbs<\/li><\/ol><p>4.1 F\u00fcr jeden Fall der schuldhaften Zuwiderhandlung gegen die Verbote nach Ziffer 3 kann der Veranstalter vom Kunden die Zahlung einer angemessenen Vertragsstrafe bis zu einer Maximalh\u00f6he von EUR 1.000,00 verlangen. Weitergehende Schadensersatzanspr\u00fcche des Veranstalters bleiben unber\u00fchrt. Eine gezahlte Vertragsstrafe wird auf einen Schadensersatzanspruch angerechnet.\u00a0<\/p><p>4.2 Weiterhin beh\u00e4lt sich der Veranstalter vor, Personen, bei denen konkrete Anhaltspunkte daf\u00fcr vorliegen, dass sie gegen Ziffer 3 versto\u00dfen oder an einem Versto\u00df mitgewirkt haben,<\/p><ul><li>den Zutritt zu der Veranstaltung zu verwehren bzw. von dieser auszuschlie\u00dfen,<\/li><li>zuk\u00fcnftig ihnen gegen\u00fcber den Verkauf von Eintrittskarten zu verweigern.<\/li><\/ul><ol start=\"5\"><li>R\u00fcckgabe von Eintrittskarten \/ Kaufpreiserstattung<\/li><\/ol><p>5.1. Ein Anspruch auf R\u00fcckgabe von Eintrittskarten und Erstattung des Kaufpreises besteht grunds\u00e4tzlich nur bei Ausfall der Veranstaltung.<\/p><p>5.2 Hat die Veranstaltung die H\u00e4lfte der Spieldauer erreicht und muss dann aufgrund h\u00f6herer Gewalt (z.B. Extremwetter, Terror etc.) oder Einschr\u00e4nkungen aufgrund von Epidemien und Pandemien, wie z.B. SARSCoV2 (einschlie\u00dflich Mutanten und Varianten), abgesagt werden, erfolgt keine R\u00fcckerstattung des Ticketkaufpreises.<\/p><p>5.3. Der Anspruch auf Erstattung des Kaufpreises im Sinne von 5.1. endet<\/p><p>im Falle des ersatzlosen Ausfalls der Veranstaltung sp\u00e4testens vier (4) Wochen nach dem entfallenen Veranstaltungstermin.<\/p><p>5.4.\u00a0 Der Kunde hat sich wegen der Anspr\u00fcche nach vorstehenden Ziffern an die Feuerwehr Waldstetten zu wenden. Die Erstattung des Kaufpreises erfolgt stets nur gegen Vorlage der Eintrittskarte im Original. Bei Kartenverlust sind weder Kaufpreiserstattungen noch die Aush\u00e4ndigung von Ersatzkarten m\u00f6glich. Nicht zur\u00fcckerstattet werden gezahlte Geb\u00fchren (z.B. Vorverkaufsgeb\u00fchr und Systemgeb\u00fchr).\u00a0 Grunds\u00e4tzlich nicht zur\u00fcckerstattet werden Reise- und Unterbringungskosten jeglicher Art.<\/p><p>5.5.\u00a0 Sollte der Kunde aus f\u00fcr ihn nicht vertretbaren Gr\u00fcnden an der fristgem\u00e4\u00dfen Geltendmachung des Erstattungsanspruchs gehindert sein \u2013 z. B. wegen Krankheit \u2013 ist er f\u00fcr das Vorliegen derjenigen Voraussetzungen nachweispflichtig, die das Nicht-Vertretenm\u00fcssen begr\u00fcnden.<\/p><p>5.6. Das Recht des Kunden, sich wegen einer vom Veranstalter zu vertretenden Pflichtverletzung im Rahmen der gesetzlichen Vorschriften vom Vertrag zu l\u00f6sen, bleibt unber\u00fchrt. Die Geltendmachung von Schadens- und\/oder Aufwendungsersatzanspr\u00fcchen steht jedoch unter dem Vorbehalt von Ziffer 6 dieser AGB.<\/p><ol start=\"6\"><li>Haftung des Veranstalters \/ Gew\u00e4hrleistung<\/li><\/ol><p>6.1. Der Veranstalter haftet ohne jegliche Einschr\u00e4nkung f\u00fcr alle im Rahmen des Vertragsverh\u00e4ltnisses schuldhaft verursachten Sch\u00e4den an Leben, K\u00f6rper und Gesundheit.<\/p><p>6.2 Bei der Verletzung wesentlicher Vertragspflichten (sog. Kardinalpflichten), die auf nur einfacher Fahrl\u00e4ssigkeit beruhen und nicht von Ziffer 6.1. erfasst sind, haftet der Veranstalter beschr\u00e4nkt auf den Ersatz des vorhersehbaren, vertragstypischen Schadens. Zu den Kardinalpflichten des Veranstalters z\u00e4hlen solche, deren Erf\u00fcllung die ordnungsgem\u00e4\u00dfe Durchf\u00fchrung des Vertrags erst erm\u00f6glicht und auf deren Einhaltung der Kunde regelm\u00e4\u00dfig vertrauen darf.\u00a0<\/p><p>6.3. Im \u00dcbrigen haftet der Veranstalter nur bei grob fahrl\u00e4ssiger oder vors\u00e4tzlicher Vertragspflichtverletzung.<\/p><p>6.4. Soweit die Haftung des Veranstalters nach den vorstehenden Abs\u00e4tzen ausgeschlossen oder beschr\u00e4nkt ist, gilt dies auch f\u00fcr die Haftung seiner gesetzlichen Vertreter und Erf\u00fcllungsgehilfen.<\/p><ol start=\"7\"><li>Pflichten des Kunden beim Veranstaltungsbesuch<\/li><\/ol><p>7.1. Gef\u00e4hrliche Gegenst\u00e4nde wie Gasbeh\u00e4lter, pyrotechnische Artikel (z. B. Fackeln, Feuerwerksk\u00f6rper oder Wunderkerzen), Laserpointer, Waffen jeder Art sowie Gegenst\u00e4nde, die sich als Wurfgeschosse verwenden lassen, d\u00fcrfen zu keiner Veranstaltung mitgebracht werden. Die Besucher sind verpflichtet, bei Betreten der Veranstaltung eine Taschenkontrolle durchf\u00fchren zu lassen. Andernfalls kann ein Betreten des Festgel\u00e4ndes untersagt werden. Die maximale Gr\u00f6\u00dfe mitgef\u00fchrter Taschen wird auf die Gr\u00f6\u00dfe DIN A4 begrenzt. Wir behalten uns das Recht vor, auch w\u00e4hrend der Veranstaltung Kontrollen durchzuf\u00fchren, um Gef\u00e4hrdungen der Gesundheit aller Veranstaltungsteilnehmer nach M\u00f6glichkeit zu minimieren.<\/p><p>7.2. Tonbandger\u00e4te, Film-, Foto-, oder Videokameras d\u00fcrfen bei der Veranstaltung nicht mitgef\u00fchrt oder betrieben werden. Mobilfunkger\u00e4te, Tablets und \u00e4hnliche Ger\u00e4te mit Aufnahmefunktion d\u00fcrfen mitgef\u00fchrt werden, die Anfertigung von Ton-, Foto- und Filmaufnahmen ist jedoch untersagt. Aufnahmen zur gewerblichen und kommerziellen Verwendung sowie auch f\u00fcr rein private Zwecke sind untersagt.<\/p><p>7.3. Bei Zuwiderhandlung gegen Ziffer 7.2. sind der Veranstalter und seine Mitarbeiter berechtigt, Aufnahmeger\u00e4te und Kameras einzuziehen und bis zum Ende der Veranstaltung gegen Geb\u00fchr einzubehalten. Filme und Aufzeichnungsmaterialien jeder Art, auf denen Teile der Veranstaltung festgehalten sind, k\u00f6nnen vom Veranstalter eingezogen und verwahrt werden. Sie werden dem Eigent\u00fcmer wieder ausgeh\u00e4ndigt, wenn dieser der vorherigen L\u00f6schung der Aufzeichnung zugestimmt hat.<\/p><p>7.4 Das Mittbringen und Konsumieren eigener Getr\u00e4nke und Speisen w\u00e4hrend der Veranstaltungen ist untersagt.<\/p><p>7.5 Der Konsum von Cannabis in jeglicher Form ist w\u00e4hrend des gesamten Wochenendes auf dem Festgel\u00e4nde untersagt.<\/p><p>7.6. Der Veranstalter beh\u00e4lt sich vor, im Falle eines Versto\u00dfes gegen vorstehende Abs\u00e4tze den betreffenden Personen den Zutritt zur Veranstaltung zu verwehren bzw. diese von der Veranstaltung auszuschlie\u00dfen.\u00a0\u00a0<\/p><p>7.7. Es gelten die Bestimmungen des Jugendschutzgesetzes.<\/p><p>F\u00fcr die Veranstaltung am 11.07.2025 ist ein Einlass f\u00fcr Personen unter 18 Jahren nicht gestattet, auch nicht in Begleitung eines Erziehungsberechtigten.<\/p><p>F\u00fcr die Veranstaltung am 12.07.2025 gilt: Kinder unter 12 Jahren erhalten keinen Zutritt zur Veranstaltung, auch nicht in Begleitung eines Erziehungsberechtigten. \u00a0Kinder und Jugendliche unter 16 Jahren d\u00fcrfen die Veranstaltung nur in Begleitung einer erziehungsberechtigten Person, die ihrerseits ebenfalls \u00fcber eine Eintrittskarte verf\u00fcgt, besuchen. Eine Vollmacht zur \u00dcbertragung der Personensorgeberechtigung, ein so genannter ,,Muttizettel\u201c, wird nicht akzeptiert.<\/p><p>Jugendliche ab 16 Jahren und unter 18 Jahren haben ohne Begleitung Zutritt bis max. 24:00 Uhr, in Begleitung einer erziehungsberechtigten Person Zutritt in der Regel ohne zeitliche Beschr\u00e4nkung.<\/p><p>Kinder und Jugendliche m\u00fcssen sich mit einem g\u00fcltigen Kinder-, Personal- oder Sch\u00fclerausweis ausweisen k\u00f6nnen.<\/p><p>Wird Kindern und Jugendlichen der Eintritt verwehrt, weil die obigen Voraussetzungen nicht<\/p><p>eingehalten wurden, erfolgt keine R\u00fcckerstattung des Ticketkaufpreises.<\/p><ol start=\"8\"><li>Ton- und \/ oder Bildaufnahmen des Veranstalters<\/li><\/ol><p>F\u00fcr den Fall, dass w\u00e4hrend der Veranstaltung Bild- und\/oder Tonaufnahmen, wie beispielsweise Rundfunk- oder Fernsehaufnahmen, durch dazu berechtigte Personen durchgef\u00fchrt werden, erkl\u00e4rt sich der Kunde damit einverstanden, dass er eventuell in Bild und\/oder Wort aufgenommen wird und die Aufzeichnungen ohne Anspruch auf Verg\u00fctung vervielf\u00e4ltigt, verbreitet und ver\u00f6ffentlicht wiedergegeben, insbesondere gesendet, werden d\u00fcrfen, soweit nicht berechtigte Interessen des Kunden entgegenstehen.<\/p><ol start=\"9\"><li>Datenschutz<\/li><\/ol><p>Personenbezogene Daten des Kunden werden unter Beachtung der geltenden datenschutzrechtlichen Vorgaben ausschlie\u00dflich zum Zwecke der ordnungsgem\u00e4\u00dfen Abwicklung des Vertragsverh\u00e4ltnisses erhoben, verarbeitet und genutzt. Demgem\u00e4\u00df findet auch eine \u00dcbermittlung dieser Kundendaten an die Vertriebspartner des Veranstalters nur zum Zwecke der Ausf\u00fchrung der Bestellung statt.<\/p><ol start=\"10\"><li>Schlussbestimmungen<\/li><\/ol><p>10.1. Sollten einzelne Klauseln dieser AGB unwirksam sein oder werden, ber\u00fchrt dies die Wirksamkeit der anderen Klauseln nicht. Die unwirksame Klausel ist durch eine solche wirksame Klausel zu ersetzen, die der Erf\u00fcllung des Vertragszweckes unter Zugrundelegung des von den Parteien gewollten wirtschaftlich am n\u00e4chsten kommt. Gleiches gilt f\u00fcr den Fall einer etwaigen Regelungsl\u00fccke.<\/p><p>10.2. F\u00fcr alle Veranstaltungen gelten die dann zum Veranstaltungszeitpunkt g\u00fcltigen Bestimmungen des Landes bez\u00fcglich pandemischer Ma\u00dfnahmen. Sollten diesbez\u00fcglich Gr\u00fcnde in der Person des Kunden oder aus dessen Risikosph\u00e4re einer Veranstaltungsteilnahme entgegenstehen, resultieren hieraus keine Anspr\u00fcche gegen den Veranstalter.\u00a0<\/p><p>10.3 Ausschlie\u00dflicher Gerichtsstand f\u00fcr alle Auseinandersetzungen aus und im Zusammenhang mit diesen AGB ist \u2013 soweit gesetzlich zul\u00e4ssig \u2013 Schw\u00e4bisch Gm\u00fcnd.<\/p>\t\t\t\t\t\t\t\t<\/div>\n\t\t\t\t<\/div>\n\t\t\t\t\t<\/div>\n\t\t<\/div>\n\t\t\t\t\t<\/div>\n\t\t<\/section>\n\t\t\t\t<section class=\"elementor-section elementor-top-section elementor-element elementor-element-f9dbdd5 elementor-section-boxed elementor-section-height-default elementor-section-height-default\" data-id=\"f9dbdd5\" data-element_type=\"section\" data-e-type=\"section\">\n\t\t\t\t\t\t<div class=\"elementor-container elementor-column-gap-default\">\n\t\t\t\t\t<div class=\"elementor-column elementor-col-100 elementor-top-column elementor-element elementor-element-bcaa932\" data-id=\"bcaa932\" data-element_type=\"column\" data-e-type=\"column\">\n\t\t\t<div class=\"elementor-widget-wrap elementor-element-populated\">\n\t\t\t\t\t\t<div class=\"elementor-element elementor-element-58a9f43 elementor-widget elementor-widget-spacer\" data-id=\"58a9f43\" data-element_type=\"widget\" data-e-type=\"widget\" data-widget_type=\"spacer.default\">\n\t\t\t\t<div class=\"elementor-widget-container\">\n\t\t\t\t\t\t\t<div class=\"elementor-spacer\">\n\t\t\t<div class=\"elementor-spacer-inner\"><\/div>\n\t\t<\/div>\n\t\t\t\t\t\t<\/div>\n\t\t\t\t<\/div>\n\t\t\t\t\t<\/div>\n\t\t<\/div>\n\t\t\t\t\t<\/div>\n\t\t<\/section>\n\t\t\t\t<\/div>\n\t\t","protected":false},"excerpt":{"rendered":"<p>Allgemeinen Gesch\u00e4ftsbedingungen Allgemeine Gesch\u00e4ftsbedingungen f\u00fcr die Veranstaltung Kreisfeuerwehrtag vom 11.07.2025 \u2013 13.07.2025 der Feuerwehr Waldstetten Geltungsbereich 1.1. Diese Allgemeinen Gesch\u00e4ftsbedingungen (nachfolgend: AGB) gelten f\u00fcr das Festwochenende vom 11.07.2025 bis 13.07.2025, bei welcher die Feuerwehr Waldstetten Veranstalter ist. Sie regeln die Beziehungen zwischen der Feuerwehr Waldstetten (nachfolgend: Veranstalter) und den Kartenk\u00e4ufern\/Veranstaltungsbesuchern (nachfolgend: Kunde). Die AGB sind&hellip;&nbsp;<a href=\"https:\/\/wordpress.feuerwehr-waldstetten.de\/wordpress\/fest-agb\/\" rel=\"bookmark\">Mehr lesen &raquo;<span class=\"screen-reader-text\">Fest-AGB<\/span><\/a><\/p>\n","protected":false},"author":1,"featured_media":0,"parent":0,"menu_order":0,"comment_status":"closed","ping_status":"closed","template":"page-templates\/template-pagebuilder-full-width.php","meta":{"neve_meta_sidebar":"","neve_meta_container":"","neve_meta_enable_content_width":"","neve_meta_content_width":0,"neve_meta_title_alignment":"","neve_meta_author_avatar":"","neve_post_elements_order":"","neve_meta_disable_header":"","neve_meta_disable_footer":"","neve_meta_disable_title":"","neve_meta_reading_time":"","footnotes":""},"class_list":["post-1184","page","type-page","status-publish","hentry"],"_links":{"self":[{"href":"https:\/\/wordpress.feuerwehr-waldstetten.de\/wordpress\/wp-json\/wp\/v2\/pages\/1184","targetHints":{"allow":["GET"]}}],"collection":[{"href":"https:\/\/wordpress.feuerwehr-waldstetten.de\/wordpress\/wp-json\/wp\/v2\/pages"}],"about":[{"href":"https:\/\/wordpress.feuerwehr-waldstetten.de\/wordpress\/wp-json\/wp\/v2\/types\/page"}],"author":[{"embeddable":true,"href":"https:\/\/wordpress.feuerwehr-waldstetten.de\/wordpress\/wp-json\/wp\/v2\/users\/1"}],"replies":[{"embeddable":true,"href":"https:\/\/wordpress.feuerwehr-waldstetten.de\/wordpress\/wp-json\/wp\/v2\/comments?post=1184"}],"version-history":[{"count":16,"href":"https:\/\/wordpress.feuerwehr-waldstetten.de\/wordpress\/wp-json\/wp\/v2\/pages\/1184\/revisions"}],"predecessor-version":[{"id":1636,"href":"https:\/\/wordpress.feuerwehr-waldstetten.de\/wordpress\/wp-json\/wp\/v2\/pages\/1184\/revisions\/1636"}],"wp:attachment":[{"href":"https:\/\/wordpress.feuerwehr-waldstetten.de\/wordpress\/wp-json\/wp\/v2\/media?parent=1184"}],"curies":[{"name":"wp","href":"https:\/\/api.w.org\/{rel}","templated":true}]}}